{"id":23026,"date":"2022-11-14T10:00:22","date_gmt":"2022-11-14T09:00:22","guid":{"rendered":"https:\/\/www.catedraemalcsa.com\/ayudas\/"},"modified":"2023-04-05T13:20:33","modified_gmt":"2023-04-05T11:20:33","slug":"financiamento-de-proxectos","status":"publish","type":"page","link":"https:\/\/www.catedraemalcsa.com\/gl\/financiamento-de-proxectos\/","title":{"rendered":"Financiamento de proxectos"},"content":{"rendered":"\t\t<div data-elementor-type=\"wp-page\" data-elementor-id=\"23026\" class=\"elementor elementor-23026 elementor-20369\">\n\t\t\t\t\t\t<section class=\"elementor-section elementor-top-section elementor-element elementor-element-b71240f elementor-section-boxed elementor-section-height-default elementor-section-height-default sc_fly_static\" data-id=\"b71240f\" data-element_type=\"section\" data-e-type=\"section\">\n\t\t\t\t\t\t<div class=\"elementor-container elementor-column-gap-extended\">\n\t\t\t\t\t<div class=\"elementor-column elementor-col-33 elementor-top-column elementor-element elementor-element-a6314b3 sc_inner_width_none sc_content_align_inherit sc_layouts_column_icons_position_left sc_fly_static\" data-id=\"a6314b3\" data-element_type=\"column\" data-e-type=\"column\">\n\t\t\t<div class=\"elementor-widget-wrap elementor-element-populated\">\n\t\t\t\t\t\t<div class=\"elementor-element elementor-element-62b388c sc_height_medium sc_fly_static elementor-widget elementor-widget-spacer\" data-id=\"62b388c\" data-element_type=\"widget\" data-e-type=\"widget\" data-widget_type=\"spacer.default\">\n\t\t\t\t<div class=\"elementor-widget-container\">\n\t\t\t\t\t\t\t<div class=\"elementor-spacer\">\n\t\t\t<div class=\"elementor-spacer-inner\"><\/div>\n\t\t<\/div>\n\t\t\t\t\t\t<\/div>\n\t\t\t\t<\/div>\n\t\t\t\t<div class=\"elementor-element elementor-element-ab6393a elementor-widget-tablet__width-auto sc_fly_static elementor-widget elementor-widget-trx_sc_title\" data-id=\"ab6393a\" data-element_type=\"widget\" data-e-type=\"widget\" data-widget_type=\"trx_sc_title.default\">\n\t\t\t\t<div class=\"elementor-widget-container\">\n\t\t\t\t\t<div\t\tclass=\"sc_title sc_title_default\" ><span class=\"sc_item_subtitle sc_title_subtitle sc_align_right sc_item_subtitle_above sc_item_title_style_default\">C\u00c1TEDRA EMALCSA-UDC<\/span><h1 class=\"sc_item_title sc_title_title sc_align_right sc_item_title_style_default sc_item_title_tag\"\n\t\t\t><span class=\"sc_item_title_text\">Apoiamos a I+D+i con  <span class=\"accent1\">axudas<\/span> que axuden a afondar nos obxectivos da C\u00e1tedra.<\/span><\/h1><\/div>\t\t\t\t<\/div>\n\t\t\t\t<\/div>\n\t\t\t\t\t<\/div>\n\t\t<\/div>\n\t\t\t\t<div class=\"elementor-column elementor-col-66 elementor-top-column elementor-element elementor-element-bb74b6d sc_inner_width_none sc_content_align_inherit sc_layouts_column_icons_position_left sc_fly_static\" data-id=\"bb74b6d\" data-element_type=\"column\" data-e-type=\"column\">\n\t\t\t<div class=\"elementor-widget-wrap elementor-element-populated\">\n\t\t\t\t\t\t<div class=\"elementor-element elementor-element-c85a5ad sc_height_medium sc_fly_static elementor-widget elementor-widget-spacer\" data-id=\"c85a5ad\" data-element_type=\"widget\" data-e-type=\"widget\" data-widget_type=\"spacer.default\">\n\t\t\t\t<div class=\"elementor-widget-container\">\n\t\t\t\t\t\t\t<div class=\"elementor-spacer\">\n\t\t\t<div class=\"elementor-spacer-inner\"><\/div>\n\t\t<\/div>\n\t\t\t\t\t\t<\/div>\n\t\t\t\t<\/div>\n\t\t\t\t<div class=\"elementor-element elementor-element-615d59a sc_fly_static elementor-widget elementor-widget-text-editor\" data-id=\"615d59a\" data-element_type=\"widget\" data-e-type=\"widget\" data-widget_type=\"text-editor.default\">\n\t\t\t\t<div class=\"elementor-widget-container\">\n\t\t\t\t\t\t\t\t\t<p>A C\u00e1tedra establece de forma permanente a posibilidade de que calquera grupo de investigaci\u00f3n, investigador ou empresa propo\u00f1a actividades, sempre que estas estean relacionadas coa s\u00faa finalidade no \u00e1mbito do marco DUSA.<\/p>\t\t\t\t\t\t\t\t<\/div>\n\t\t\t\t<\/div>\n\t\t\t\t<div class=\"elementor-element elementor-element-d72210e sc_height_tiny sc_fly_static elementor-widget elementor-widget-spacer\" data-id=\"d72210e\" data-element_type=\"widget\" data-e-type=\"widget\" data-widget_type=\"spacer.default\">\n\t\t\t\t<div class=\"elementor-widget-container\">\n\t\t\t\t\t\t\t<div class=\"elementor-spacer\">\n\t\t\t<div class=\"elementor-spacer-inner\"><\/div>\n\t\t<\/div>\n\t\t\t\t\t\t<\/div>\n\t\t\t\t<\/div>\n\t\t\t\t<div class=\"elementor-element elementor-element-5339d31 sc_fly_static elementor-widget elementor-widget-text-editor\" data-id=\"5339d31\" data-element_type=\"widget\" data-e-type=\"widget\" data-widget_type=\"text-editor.default\">\n\t\t\t\t<div class=\"elementor-widget-container\">\n\t\t\t\t\t\t\t\t\t<p>Neste sentido, cando se entenda que unha determinada investigaci\u00f3n e\/ou actividade pode ser de interese para estes obxectivos, deber\u00e1 <strong>remitirse ao director da c\u00e1tedra un documento descritivo da proposta<\/strong> que, como m\u00ednimo, conter\u00e1 os seguintes apartados. :<\/p><ul><li><strong>Antecedentes<\/strong> e descrici\u00f3n do contexto de traballo.<\/li><li><strong>Descrici\u00f3n t\u00e9cnica<\/strong> da proposta (pode haber anexos se \u00e9 moi extensa ou t\u00e9cnica, quedando a memoria para unha breve descrici\u00f3n).<\/li><li><strong>Fitos e entregas<\/strong> (sexan documentos ou outro tipo de acci\u00f3ns)<\/li><li><strong>Orzamento <\/strong>(o m\u00e1is detallado, pero sempre diferenciador: persoal\/compras\/servizos).<\/li><li>Equipo t\u00e9cnico e investigador principal responsable (sempre profesor titular da UDC).<\/li><\/ul><p>O director da C\u00e1tedra, en funci\u00f3n do contido e da tem\u00e1tica da proposta, remitiralla ao coordinador da li\u00f1a de investigaci\u00f3n para a s\u00faa avaliaci\u00f3n. Este poder\u00e1 interactuar coa proposta co obxectivo de procurar a m\u00e1xima adaptaci\u00f3n \u00e1s iniciativas en marcha no seu interior, para que poidamos <strong>desenvolver sinerx\u00edas<\/strong> entre os distintos proxectos. No entanto, en ning\u00fan caso se limitar\u00e1 a proposta se non existe nese intre algo similar ao que se presenta na li\u00f1a de traballo.<\/p><p>Despois desta interacci\u00f3n, se a proposta \u00e9 validada polo coordinador e polo promotor, levarase para o seu debate ao Comit\u00e9 Cient\u00edfico-T\u00e9cnico para o seu co\u00f1ecemento. Esta comisi\u00f3n valorar\u00e1 a posibilidade de inclu\u00edr calquera aspecto cient\u00edfico ou tecnicamente relevante antes de que o director da C\u00e1tedra conceda o financiamento.<\/p><p>Este <strong>financiamento<\/strong> tramitarase mediante contrato Art.83 da LOU a trav\u00e9s da FUAC, no caso de colectivos ou investigadores da UDC, con convenios de colaboraci\u00f3n ou contratos comerciais no caso de persoas f\u00edsicas.<\/p><p>As propostas dirixiranse a <a href=\"mailto:secretaria@catedraemalcsa.es\">secretaria@catedraemalcsa.es<\/a> e poderanse realizar en calquera \u00e9poca do ano.<\/p><p>As condici\u00f3ns de seguimento dos proxectos expl\u00edcanse no <strong>manual do proxecto<\/strong>.<\/p>\t\t\t\t\t\t\t\t<\/div>\n\t\t\t\t<\/div>\n\t\t\t\t<div class=\"elementor-element elementor-element-df790f5 sc_height_tiny sc_fly_static elementor-widget elementor-widget-spacer\" data-id=\"df790f5\" data-element_type=\"widget\" data-e-type=\"widget\" data-widget_type=\"spacer.default\">\n\t\t\t\t<div class=\"elementor-widget-container\">\n\t\t\t\t\t\t\t<div class=\"elementor-spacer\">\n\t\t\t<div class=\"elementor-spacer-inner\"><\/div>\n\t\t<\/div>\n\t\t\t\t\t\t<\/div>\n\t\t\t\t<\/div>\n\t\t\t\t<div class=\"elementor-element elementor-element-bfb763d sc_fly_static elementor-widget elementor-widget-shortcode\" data-id=\"bfb763d\" data-element_type=\"widget\" data-e-type=\"widget\" data-widget_type=\"shortcode.default\">\n\t\t\t\t<div class=\"elementor-widget-container\">\n\t\t\t\t\t\t\t<div class=\"elementor-shortcode\"><div class='w3eden'>\n    <div class=''>\n\n        \n        <div id=\"content_wpdm_package_1\">\n            <div class='row'><div class='col-lg-12 col-md-12 col-12'><!-- WPDM Link Template: Default Template -->\n\n<div class=\"link-template-default card mb-2\">\n    <div class=\"card-body\">\n        <div class=\"media\">\n            <div class=\"media-body\">\n                <h3 class=\"package-title\"><img alt='pdf' title='pdf' class='ttip' style='width:16px;height:16px;' src='https:\/\/www.catedraemalcsa.com\/wp-content\/plugins\/download-manager\/assets\/file-type-icons\/pdf.svg' \/>  Manual de proxectos <\/h3>\n            <\/div>\n            <div class=\"ml-3 wpdm-download-button\">\n                <a class='wpdm-download-link download-on-click btn btn-primary ' rel='nofollow' href='#' data-downloadurl=\"https:\/\/www.catedraemalcsa.com\/gl\/download\/manual-de-proxectos\/?wpdmdl=24054&refresh=69f48720b1aef1777633056\">Baixar<\/a>\n            <\/div>\n        <\/div>\n    <\/div>\n<\/div>\n\n<\/div><\/div>            <div style='clear:both'><\/div><div class='text-center'><ul class='pagination wpdm-pagination pagination-centered text-center'><\/ul><\/div><div style='clear:both'><\/div>        <\/div>\n\n        <div style='clear:both'><\/div>\n    <\/div>\n<\/div>\n<\/div>\n\t\t\t\t\t\t<\/div>\n\t\t\t\t<\/div>\n\t\t\t\t\t<\/div>\n\t\t<\/div>\n\t\t\t\t\t<\/div>\n\t\t<\/section>\n\t\t\t\t<section class=\"elementor-section elementor-top-section elementor-element elementor-element-9d8f425 elementor-section-boxed elementor-section-height-default elementor-section-height-default sc_fly_static\" data-id=\"9d8f425\" data-element_type=\"section\" data-e-type=\"section\">\n\t\t\t\t\t\t<div class=\"elementor-container elementor-column-gap-extended\">\n\t\t\t\t\t<div class=\"elementor-column elementor-col-100 elementor-top-column elementor-element elementor-element-a3dea37 sc_inner_width_none sc_content_align_inherit sc_layouts_column_icons_position_left sc_fly_static\" data-id=\"a3dea37\" data-element_type=\"column\" data-e-type=\"column\">\n\t\t\t<div class=\"elementor-widget-wrap elementor-element-populated\">\n\t\t\t\t\t\t<div class=\"elementor-element elementor-element-3a6c3a0 sc_height_huge sc_fly_static elementor-widget elementor-widget-spacer\" data-id=\"3a6c3a0\" data-element_type=\"widget\" data-e-type=\"widget\" data-widget_type=\"spacer.default\">\n\t\t\t\t<div class=\"elementor-widget-container\">\n\t\t\t\t\t\t\t<div class=\"elementor-spacer\">\n\t\t\t<div class=\"elementor-spacer-inner\"><\/div>\n\t\t<\/div>\n\t\t\t\t\t\t<\/div>\n\t\t\t\t<\/div>\n\t\t\t\t\t<\/div>\n\t\t<\/div>\n\t\t\t\t\t<\/div>\n\t\t<\/section>\n\t\t\t\t<\/div>\n\t\t","protected":false},"excerpt":{"rendered":"<p>C\u00c1TEDRA EMALCSA-UDC Apoiamos a I+D+i con axudas que axuden a afondar nos obxectivos da C\u00e1tedra.&hellip;<\/p>\n","protected":false},"author":2,"featured_media":0,"parent":0,"menu_order":0,"comment_status":"closed","ping_status":"closed","template":"","meta":{"inline_featured_image":false,"_themeisle_gutenberg_block_has_review":false,"footnotes":""},"class_list":["post-23026","page","type-page","status-publish","hentry"],"yoast_head":"<!-- This site is optimized with the Yoast SEO plugin v27.5 - https:\/\/yoast.com\/product\/yoast-seo-wordpress\/ -->\n<title>Financiamento de proxectos - C\u00e1tedra Emalcsa - UDC<\/title>\n<meta name=\"robots\" content=\"index, follow, max-snippet:-1, max-image-preview:large, max-video-preview:-1\" \/>\n<link rel=\"canonical\" href=\"https:\/\/www.catedraemalcsa.com\/gl\/financiamento-de-proxectos\/\" \/>\n<meta property=\"og:locale\" content=\"gl_ES\" \/>\n<meta property=\"og:type\" content=\"article\" \/>\n<meta property=\"og:title\" content=\"Financiamento de proxectos - C\u00e1tedra Emalcsa - UDC\" \/>\n<meta property=\"og:description\" content=\"C\u00c1TEDRA EMALCSA-UDC Apoiamos a I+D+i con axudas que axuden a afondar nos obxectivos da C\u00e1tedra.&hellip;\" \/>\n<meta property=\"og:url\" content=\"https:\/\/www.catedraemalcsa.com\/gl\/financiamento-de-proxectos\/\" \/>\n<meta property=\"og:site_name\" content=\"C\u00e1tedra Emalcsa - UDC\" \/>\n<meta property=\"article:publisher\" content=\"https:\/\/www.facebook.com\/Ctedra-Emalcsa-Udc-426980904504313\/\" \/>\n<meta property=\"article:modified_time\" content=\"2023-04-05T11:20:33+00:00\" \/>\n<meta name=\"twitter:card\" content=\"summary_large_image\" \/>\n<meta name=\"twitter:site\" content=\"@CatEmalcsaUdc\" \/>\n<meta name=\"twitter:label1\" content=\"Tempo de lectura\" \/>\n\t<meta name=\"twitter:data1\" content=\"2 minutos\" \/>\n<script type=\"application\/ld+json\" class=\"yoast-schema-graph\">{\"@context\":\"https:\\\/\\\/schema.org\",\"@graph\":[{\"@type\":\"WebPage\",\"@id\":\"https:\\\/\\\/www.catedraemalcsa.com\\\/gl\\\/financiamento-de-proxectos\\\/\",\"url\":\"https:\\\/\\\/www.catedraemalcsa.com\\\/gl\\\/financiamento-de-proxectos\\\/\",\"name\":\"Financiamento de proxectos - C\u00e1tedra Emalcsa - UDC\",\"isPartOf\":{\"@id\":\"https:\\\/\\\/www.catedraemalcsa.com\\\/gl\\\/#website\"},\"datePublished\":\"2022-11-14T09:00:22+00:00\",\"dateModified\":\"2023-04-05T11:20:33+00:00\",\"breadcrumb\":{\"@id\":\"https:\\\/\\\/www.catedraemalcsa.com\\\/gl\\\/financiamento-de-proxectos\\\/#breadcrumb\"},\"inLanguage\":\"gl-ES\",\"potentialAction\":[{\"@type\":\"ReadAction\",\"target\":[\"https:\\\/\\\/www.catedraemalcsa.com\\\/gl\\\/financiamento-de-proxectos\\\/\"]}]},{\"@type\":\"BreadcrumbList\",\"@id\":\"https:\\\/\\\/www.catedraemalcsa.com\\\/gl\\\/financiamento-de-proxectos\\\/#breadcrumb\",\"itemListElement\":[{\"@type\":\"ListItem\",\"position\":1,\"name\":\"Portada\",\"item\":\"https:\\\/\\\/www.catedraemalcsa.com\\\/gl\\\/\"},{\"@type\":\"ListItem\",\"position\":2,\"name\":\"Financiamento de proxectos\"}]},{\"@type\":\"WebSite\",\"@id\":\"https:\\\/\\\/www.catedraemalcsa.com\\\/gl\\\/#website\",\"url\":\"https:\\\/\\\/www.catedraemalcsa.com\\\/gl\\\/\",\"name\":\"C\u00e1tedra Emalcsa - UDC\",\"description\":\"P\u00e1gina web de la C\u00e1tedra Emalcsa - UDC en la que se tratan aspectos relacionados con la gesti\u00f3n integrada del recurso del agua.\",\"publisher\":{\"@id\":\"https:\\\/\\\/www.catedraemalcsa.com\\\/gl\\\/#organization\"},\"potentialAction\":[{\"@type\":\"SearchAction\",\"target\":{\"@type\":\"EntryPoint\",\"urlTemplate\":\"https:\\\/\\\/www.catedraemalcsa.com\\\/gl\\\/?s={search_term_string}\"},\"query-input\":{\"@type\":\"PropertyValueSpecification\",\"valueRequired\":true,\"valueName\":\"search_term_string\"}}],\"inLanguage\":\"gl-ES\"},{\"@type\":\"Organization\",\"@id\":\"https:\\\/\\\/www.catedraemalcsa.com\\\/gl\\\/#organization\",\"name\":\"C\u00e1tedra Emalcsa - UDC\",\"url\":\"https:\\\/\\\/www.catedraemalcsa.com\\\/gl\\\/\",\"logo\":{\"@type\":\"ImageObject\",\"inLanguage\":\"gl-ES\",\"@id\":\"https:\\\/\\\/www.catedraemalcsa.com\\\/gl\\\/#\\\/schema\\\/logo\\\/image\\\/\",\"url\":\"https:\\\/\\\/www.catedraemalcsa.com\\\/wp-content\\\/uploads\\\/2022\\\/10\\\/LOGOTIPO-EMALCSA.png\",\"contentUrl\":\"https:\\\/\\\/www.catedraemalcsa.com\\\/wp-content\\\/uploads\\\/2022\\\/10\\\/LOGOTIPO-EMALCSA.png\",\"width\":600,\"height\":180,\"caption\":\"C\u00e1tedra Emalcsa - UDC\"},\"image\":{\"@id\":\"https:\\\/\\\/www.catedraemalcsa.com\\\/gl\\\/#\\\/schema\\\/logo\\\/image\\\/\"},\"sameAs\":[\"https:\\\/\\\/www.facebook.com\\\/Ctedra-Emalcsa-Udc-426980904504313\\\/\",\"https:\\\/\\\/x.com\\\/CatEmalcsaUdc\",\"http:\\\/\\\/www.linkedin.com\\\/in\\\/catedra-emalcsa-udc\"]}]}<\/script>\n<!-- \/ Yoast SEO plugin. -->","yoast_head_json":{"title":"Financiamento de proxectos - C\u00e1tedra Emalcsa - UDC","robots":{"index":"index","follow":"follow","max-snippet":"max-snippet:-1","max-image-preview":"max-image-preview:large","max-video-preview":"max-video-preview:-1"},"canonical":"https:\/\/www.catedraemalcsa.com\/gl\/financiamento-de-proxectos\/","og_locale":"gl_ES","og_type":"article","og_title":"Financiamento de proxectos - C\u00e1tedra Emalcsa - UDC","og_description":"C\u00c1TEDRA EMALCSA-UDC Apoiamos a I+D+i con axudas que axuden a afondar nos obxectivos da C\u00e1tedra.&hellip;","og_url":"https:\/\/www.catedraemalcsa.com\/gl\/financiamento-de-proxectos\/","og_site_name":"C\u00e1tedra Emalcsa - UDC","article_publisher":"https:\/\/www.facebook.com\/Ctedra-Emalcsa-Udc-426980904504313\/","article_modified_time":"2023-04-05T11:20:33+00:00","twitter_card":"summary_large_image","twitter_site":"@CatEmalcsaUdc","twitter_misc":{"Tempo de lectura":"2 minutos"},"schema":{"@context":"https:\/\/schema.org","@graph":[{"@type":"WebPage","@id":"https:\/\/www.catedraemalcsa.com\/gl\/financiamento-de-proxectos\/","url":"https:\/\/www.catedraemalcsa.com\/gl\/financiamento-de-proxectos\/","name":"Financiamento de proxectos - C\u00e1tedra Emalcsa - UDC","isPartOf":{"@id":"https:\/\/www.catedraemalcsa.com\/gl\/#website"},"datePublished":"2022-11-14T09:00:22+00:00","dateModified":"2023-04-05T11:20:33+00:00","breadcrumb":{"@id":"https:\/\/www.catedraemalcsa.com\/gl\/financiamento-de-proxectos\/#breadcrumb"},"inLanguage":"gl-ES","potentialAction":[{"@type":"ReadAction","target":["https:\/\/www.catedraemalcsa.com\/gl\/financiamento-de-proxectos\/"]}]},{"@type":"BreadcrumbList","@id":"https:\/\/www.catedraemalcsa.com\/gl\/financiamento-de-proxectos\/#breadcrumb","itemListElement":[{"@type":"ListItem","position":1,"name":"Portada","item":"https:\/\/www.catedraemalcsa.com\/gl\/"},{"@type":"ListItem","position":2,"name":"Financiamento de proxectos"}]},{"@type":"WebSite","@id":"https:\/\/www.catedraemalcsa.com\/gl\/#website","url":"https:\/\/www.catedraemalcsa.com\/gl\/","name":"C\u00e1tedra Emalcsa - UDC","description":"P\u00e1gina web de la C\u00e1tedra Emalcsa - UDC en la que se tratan aspectos relacionados con la gesti\u00f3n integrada del recurso del agua.","publisher":{"@id":"https:\/\/www.catedraemalcsa.com\/gl\/#organization"},"potentialAction":[{"@type":"SearchAction","target":{"@type":"EntryPoint","urlTemplate":"https:\/\/www.catedraemalcsa.com\/gl\/?s={search_term_string}"},"query-input":{"@type":"PropertyValueSpecification","valueRequired":true,"valueName":"search_term_string"}}],"inLanguage":"gl-ES"},{"@type":"Organization","@id":"https:\/\/www.catedraemalcsa.com\/gl\/#organization","name":"C\u00e1tedra Emalcsa - UDC","url":"https:\/\/www.catedraemalcsa.com\/gl\/","logo":{"@type":"ImageObject","inLanguage":"gl-ES","@id":"https:\/\/www.catedraemalcsa.com\/gl\/#\/schema\/logo\/image\/","url":"https:\/\/www.catedraemalcsa.com\/wp-content\/uploads\/2022\/10\/LOGOTIPO-EMALCSA.png","contentUrl":"https:\/\/www.catedraemalcsa.com\/wp-content\/uploads\/2022\/10\/LOGOTIPO-EMALCSA.png","width":600,"height":180,"caption":"C\u00e1tedra Emalcsa - UDC"},"image":{"@id":"https:\/\/www.catedraemalcsa.com\/gl\/#\/schema\/logo\/image\/"},"sameAs":["https:\/\/www.facebook.com\/Ctedra-Emalcsa-Udc-426980904504313\/","https:\/\/x.com\/CatEmalcsaUdc","http:\/\/www.linkedin.com\/in\/catedra-emalcsa-udc"]}]}},"_links":{"self":[{"href":"https:\/\/www.catedraemalcsa.com\/gl\/wp-json\/wp\/v2\/pages\/23026","targetHints":{"allow":["GET"]}}],"collection":[{"href":"https:\/\/www.catedraemalcsa.com\/gl\/wp-json\/wp\/v2\/pages"}],"about":[{"href":"https:\/\/www.catedraemalcsa.com\/gl\/wp-json\/wp\/v2\/types\/page"}],"author":[{"embeddable":true,"href":"https:\/\/www.catedraemalcsa.com\/gl\/wp-json\/wp\/v2\/users\/2"}],"replies":[{"embeddable":true,"href":"https:\/\/www.catedraemalcsa.com\/gl\/wp-json\/wp\/v2\/comments?post=23026"}],"version-history":[{"count":1,"href":"https:\/\/www.catedraemalcsa.com\/gl\/wp-json\/wp\/v2\/pages\/23026\/revisions"}],"predecessor-version":[{"id":25015,"href":"https:\/\/www.catedraemalcsa.com\/gl\/wp-json\/wp\/v2\/pages\/23026\/revisions\/25015"}],"wp:attachment":[{"href":"https:\/\/www.catedraemalcsa.com\/gl\/wp-json\/wp\/v2\/media?parent=23026"}],"curies":[{"name":"wp","href":"https:\/\/api.w.org\/{rel}","templated":true}]}}